{"id":337,"date":"2026-01-19T08:09:00","date_gmt":"2026-01-19T08:09:00","guid":{"rendered":"https:\/\/cic-podcast.de\/?post_type=portfolio&#038;p=337"},"modified":"2026-01-26T12:06:45","modified_gmt":"2026-01-26T12:06:45","slug":"143-it-sicherheit-persoenliche-haftung-was-geschaeftsfuehrer-jetzt-unbedingt-wissen-muessen","status":"publish","type":"portfolio","link":"https:\/\/cic-podcast.de\/?portfolio=143-it-sicherheit-persoenliche-haftung-was-geschaeftsfuehrer-jetzt-unbedingt-wissen-muessen","title":{"rendered":"#143 &#8211; IT-Sicherheit &#038; pers\u00f6nliche Haftung \u2013 Was Gesch\u00e4ftsf\u00fchrer jetzt unbedingt wissen m\u00fcssen"},"content":{"rendered":"\n<div style=\"height:100px\" aria-hidden=\"true\" class=\"wp-block-spacer\"><\/div>\n\n\n\n<figure class=\"wp-block-embed is-type-rich is-provider-spotify wp-block-embed-spotify wp-embed-aspect-21-9 wp-has-aspect-ratio\"><div class=\"wp-block-embed__wrapper\">\n<iframe title=\"Spotify Embed: #143 IT-Sicherheit &amp; pers\u00f6nliche Haftung \u2013 Was Gesch\u00e4ftsf\u00fchrer jetzt unbedingt wissen m\u00fcssen\" style=\"border-radius: 12px\" width=\"100%\" height=\"152\" frameborder=\"0\" allowfullscreen allow=\"autoplay; clipboard-write; encrypted-media; fullscreen; picture-in-picture\" loading=\"lazy\" src=\"https:\/\/open.spotify.com\/embed\/episode\/3oDfKpfdgn31ScT0BYHlqD?si=e47f0c874d804171&amp;utm_source=oembed\"><\/iframe>\n<\/div><\/figure>\n\n\n\n<figure class=\"wp-block-embed is-type-video is-provider-youtube wp-block-embed-youtube wp-embed-aspect-16-9 wp-has-aspect-ratio\"><div class=\"wp-block-embed__wrapper\">\n<iframe loading=\"lazy\" title=\"#143 IT-Sicherheit &amp; pers\u00f6nliche Haftung \u2013 Was Gesch\u00e4ftsf\u00fchrer jetzt unbedingt wissen m\u00fcssen\" width=\"1220\" height=\"686\" src=\"https:\/\/www.youtube.com\/embed\/a10kc3BTrTc?feature=oembed\" frameborder=\"0\" allow=\"accelerometer; autoplay; clipboard-write; encrypted-media; gyroscope; picture-in-picture; web-share\" referrerpolicy=\"strict-origin-when-cross-origin\" allowfullscreen><\/iframe>\n<\/div><\/figure>\n\n\n\n<p>In dieser hochaktuellen Adlerblick-Podcast-Folge sprechen Andreas Schmaler und Rechtsanwalt Torsten H\u00f6cker dar\u00fcber, warum Cyberangriffe heute jedes Unternehmen treffen k\u00f6nnen \u2013 unabh\u00e4ngig von Gr\u00f6\u00dfe oder Branche. Sie erkl\u00e4ren, wie moderne Angriffsmethoden funktionieren, welche Fehler Unternehmen h\u00e4ufig machen und warum Gesch\u00e4ftsf\u00fchrer seit der neuen NIS-2-Richtlinie pers\u00f6nlich haften, wenn sie IT-Sicherheit vernachl\u00e4ssigen.<br>Au\u00dferdem erfahren sie, welche Rolle KI dabei spielt, wo rechtliche Risiken lauern und welche konkreten Schritte Unternehmen sofort umsetzen sollten.<\/p>\n\n\n\n<p><strong>Sie profitieren von:<\/strong><\/p>\n\n\n\n<ul class=\"wp-block-list\">\n<li><strong>Klarheit \u00fcber aktuelle Cyberbedrohungen<\/strong> und typische Angriffsszenarien (inkl. Praxisbeispielen).<\/li>\n\n\n\n<li><strong>Konkreten Handlungsempfehlungen<\/strong>, wie man IT-Sicherheit organisatorisch und technisch st\u00e4rkt.<\/li>\n\n\n\n<li><strong>Rechtssicherheit<\/strong>, durch einen \u00dcberblick \u00fcber DSGVO-Pflichten, NIS-2 und den EU AI Act.<\/li>\n\n\n\n<li><strong>Verst\u00e4ndnis der pers\u00f6nlichen Haftungsrisiken<\/strong> f\u00fcr Gesch\u00e4ftsf\u00fchrer und wie man sich absichert.<\/li>\n\n\n\n<li><strong>Einblick in KI-Risiken &amp; Deepfakes<\/strong> und wie man Mitarbeiter daf\u00fcr sensibilisiert.<\/li>\n\n\n\n<li><strong>Praktischen Leitlinien f\u00fcr den Ernstfall<\/strong>: von Forensik \u00fcber Beh\u00f6rdenmeldung bis Krisenkommunikation.<\/li>\n\n\n\n<li><strong>Empfehlungen f\u00fcr nachhaltige Pr\u00e4vention<\/strong>, inklusive Schulungen, Audits und Notfallpl\u00e4nen.<\/li>\n<\/ul>\n\n\n\n<p>Eine Folge mit hohem Mehrwert f\u00fcr Unternehmer, F\u00fchrungskr\u00e4fte und alle, die Verantwortung f\u00fcr IT-Sicherheit tragen.<\/p>\n","protected":false},"excerpt":{"rendered":"<p>In dieser hochaktuellen Adlerblick-Podcast-Folge sprechen Andreas Schmaler und Rechtsanwalt Torsten H\u00f6cker dar\u00fcber, warum Cyberangriffe heute jedes Unternehmen treffen k\u00f6nnen \u2013 unabh\u00e4ngig von Gr\u00f6\u00dfe oder Branche. Sie<span class=\"excerpt-hellip\"> [\u2026]<\/span><\/p>\n","protected":false},"author":3,"featured_media":231,"menu_order":0,"comment_status":"closed","ping_status":"closed","template":"","meta":[],"portfolio-types":[5],"class_list":["post-337","portfolio","type-portfolio","status-publish","has-post-thumbnail","hentry","portfolio-types-experten"],"_links":{"self":[{"href":"https:\/\/cic-podcast.de\/index.php?rest_route=\/wp\/v2\/portfolio\/337","targetHints":{"allow":["GET"]}}],"collection":[{"href":"https:\/\/cic-podcast.de\/index.php?rest_route=\/wp\/v2\/portfolio"}],"about":[{"href":"https:\/\/cic-podcast.de\/index.php?rest_route=\/wp\/v2\/types\/portfolio"}],"author":[{"embeddable":true,"href":"https:\/\/cic-podcast.de\/index.php?rest_route=\/wp\/v2\/users\/3"}],"replies":[{"embeddable":true,"href":"https:\/\/cic-podcast.de\/index.php?rest_route=%2Fwp%2Fv2%2Fcomments&post=337"}],"wp:featuredmedia":[{"embeddable":true,"href":"https:\/\/cic-podcast.de\/index.php?rest_route=\/wp\/v2\/media\/231"}],"wp:attachment":[{"href":"https:\/\/cic-podcast.de\/index.php?rest_route=%2Fwp%2Fv2%2Fmedia&parent=337"}],"wp:term":[{"taxonomy":"portfolio-types","embeddable":true,"href":"https:\/\/cic-podcast.de\/index.php?rest_route=%2Fwp%2Fv2%2Fportfolio-types&post=337"}],"curies":[{"name":"wp","href":"https:\/\/api.w.org\/{rel}","templated":true}]}}