{"id":332,"date":"2025-12-18T13:06:26","date_gmt":"2025-12-18T13:06:26","guid":{"rendered":"https:\/\/cic-podcast.de\/?post_type=portfolio&#038;p=332"},"modified":"2025-12-18T13:06:36","modified_gmt":"2025-12-18T13:06:36","slug":"140-mit-bjoern-schmidt-mehr-als-obstkorb-jobrad-die-bkv-als-perfekter-benefit-im-mittelstand-2","status":"publish","type":"portfolio","link":"https:\/\/cic-podcast.de\/?portfolio=140-mit-bjoern-schmidt-mehr-als-obstkorb-jobrad-die-bkv-als-perfekter-benefit-im-mittelstand-2","title":{"rendered":"#141 mit Bernd R\u00f6hl &#8211; Unternehmer mit Herz: Wenn Verantwortung \u00fcber das Business hinausgeht"},"content":{"rendered":"\n<div style=\"height:100px\" aria-hidden=\"true\" class=\"wp-block-spacer\"><\/div>\n\n\n\n<figure class=\"wp-block-embed is-type-rich is-provider-spotify wp-block-embed-spotify wp-embed-aspect-21-9 wp-has-aspect-ratio\"><div class=\"wp-block-embed__wrapper\">\n<iframe title=\"Spotify Embed: #141 Unternehmer mit Herz: Wenn Verantwortung \u00fcber das Business hinausgeht\" style=\"border-radius: 12px\" width=\"100%\" height=\"152\" frameborder=\"0\" allowfullscreen allow=\"autoplay; clipboard-write; encrypted-media; fullscreen; picture-in-picture\" loading=\"lazy\" src=\"https:\/\/open.spotify.com\/embed\/episode\/6aBfidapjJXP8vE0jTlDLb?si=222f194662fc40dc&amp;utm_source=oembed\"><\/iframe>\n<\/div><\/figure>\n\n\n\n<figure class=\"wp-block-embed is-type-video is-provider-youtube wp-block-embed-youtube wp-embed-aspect-16-9 wp-has-aspect-ratio\"><div class=\"wp-block-embed__wrapper\">\n<iframe loading=\"lazy\" title=\"#141 Unternehmer mit Herz: Wenn Verantwortung \u00fcber das Business hinausgeht\" width=\"1220\" height=\"686\" src=\"https:\/\/www.youtube.com\/embed\/r2IQhO8eca0?feature=oembed\" frameborder=\"0\" allow=\"accelerometer; autoplay; clipboard-write; encrypted-media; gyroscope; picture-in-picture; web-share\" referrerpolicy=\"strict-origin-when-cross-origin\" allowfullscreen><\/iframe>\n<\/div><\/figure>\n\n\n\n<p><strong>Unternehmer mit Herz: Wenn Verantwortung \u00fcber das Business hinausgeht<\/strong><\/p>\n\n\n\n<p>Was passiert, wenn unternehmerisches Denken auf echtes Mitgef\u00fchl trifft?<br>In der diesj\u00e4hrigen Weihnachtsfolge von <em>Adlerblick<\/em> spricht Gastgeber Andreas Schmaler wieder mit Bernd R\u00f6hl \u2013 Unternehmer, Familienmensch und Gr\u00fcnder des Tierschutzvereins <strong>Animal Soulmates e.V.<\/strong><\/p>\n\n\n\n<p>Aus einer zuf\u00e4lligen Begegnung mit dem Tierelend in Montenegro ist ein beeindruckendes Hilfsprojekt entstanden: Auffangstationen, Kastrationsprogramme, politische Gespr\u00e4che, internationale Helferteams \u2013 und eine klare Vision, Tierleid nachhaltig zu reduzieren.<\/p>\n\n\n\n<p>Bernd R\u00f6hl erz\u00e4hlt von:<\/p>\n\n\n\n<ul class=\"wp-block-list\">\n<li>seinem Weg vom Unternehmer zum Tiersch\u00fctzer,<\/li>\n\n\n\n<li>der Arbeit vor Ort in Montenegro,<\/li>\n\n\n\n<li>bewegenden Erfolgen und gro\u00dfen Herausforderungen<\/li>\n\n\n\n<li>sowie von einem neuen Herzensprojekt: einer mobilen Tierklinik.<\/li>\n<\/ul>\n\n\n\n<p>Diese Folge zeigt, wie viel Wirkung entstehen kann, wenn Menschen Verantwortung \u00fcbernehmen \u2013 und warum jeder Beitrag z\u00e4hlt.<\/p>\n\n\n\n<p>\u2764\ufe0f <strong>Ihre Spende hilft:<\/strong><br>Animal Soulmates e. V. arbeitet vollst\u00e4ndig transparent und ehrenamtlich. Jeder Euro flie\u00dft direkt in medizinische Versorgung, Kastrationen, Futter, Transport und den Aufbau nachhaltiger Strukturen.<br>Wenn Sie helfen m\u00f6chten, Tierleben zu retten und langfristig zu ver\u00e4ndern, finden Sie alle Informationen unter: <a href=\"https:\/\/animal-soulmates.de\/\">https:\/\/animal-soulmates.de\/<\/a><\/p>\n\n\n\n<p>Spenden k\u00f6nnen Sie unter:<br><a href=\"https:\/\/animal-soulmates.de\/spenden\">https:\/\/animal-soulmates.de\/spenden<\/a><\/p>\n","protected":false},"excerpt":{"rendered":"<p>Unternehmer mit Herz: Wenn Verantwortung \u00fcber das Business hinausgeht Was passiert, wenn unternehmerisches Denken auf echtes Mitgef\u00fchl trifft?In der diesj\u00e4hrigen Weihnachtsfolge von Adlerblick spricht Gastgeber Andreas<span class=\"excerpt-hellip\"> [\u2026]<\/span><\/p>\n","protected":false},"author":4,"featured_media":231,"menu_order":0,"comment_status":"closed","ping_status":"closed","template":"","meta":[],"portfolio-types":[5],"class_list":["post-332","portfolio","type-portfolio","status-publish","has-post-thumbnail","hentry","portfolio-types-experten"],"_links":{"self":[{"href":"https:\/\/cic-podcast.de\/index.php?rest_route=\/wp\/v2\/portfolio\/332","targetHints":{"allow":["GET"]}}],"collection":[{"href":"https:\/\/cic-podcast.de\/index.php?rest_route=\/wp\/v2\/portfolio"}],"about":[{"href":"https:\/\/cic-podcast.de\/index.php?rest_route=\/wp\/v2\/types\/portfolio"}],"author":[{"embeddable":true,"href":"https:\/\/cic-podcast.de\/index.php?rest_route=\/wp\/v2\/users\/4"}],"replies":[{"embeddable":true,"href":"https:\/\/cic-podcast.de\/index.php?rest_route=%2Fwp%2Fv2%2Fcomments&post=332"}],"wp:featuredmedia":[{"embeddable":true,"href":"https:\/\/cic-podcast.de\/index.php?rest_route=\/wp\/v2\/media\/231"}],"wp:attachment":[{"href":"https:\/\/cic-podcast.de\/index.php?rest_route=%2Fwp%2Fv2%2Fmedia&parent=332"}],"wp:term":[{"taxonomy":"portfolio-types","embeddable":true,"href":"https:\/\/cic-podcast.de\/index.php?rest_route=%2Fwp%2Fv2%2Fportfolio-types&post=332"}],"curies":[{"name":"wp","href":"https:\/\/api.w.org\/{rel}","templated":true}]}}