{"id":214,"date":"2025-04-25T10:29:00","date_gmt":"2025-04-25T10:29:00","guid":{"rendered":"https:\/\/cic-podcast.de\/?post_type=portfolio&#038;p=214"},"modified":"2025-10-22T14:44:15","modified_gmt":"2025-10-22T14:44:15","slug":"127-mit-andreas-mehl-fuehrung-wirksam-machen-potentiale-entfalten","status":"publish","type":"portfolio","link":"https:\/\/cic-podcast.de\/?portfolio=127-mit-andreas-mehl-fuehrung-wirksam-machen-potentiale-entfalten","title":{"rendered":"#127 mit Andreas Mehl | F\u00fchrung wirksam machen &#8211; Potentiale entfalten"},"content":{"rendered":"\n<div style=\"height:100px\" aria-hidden=\"true\" class=\"wp-block-spacer\"><\/div>\n\n\n\n<figure class=\"wp-block-embed is-type-rich is-provider-spotify wp-block-embed-spotify wp-embed-aspect-21-9 wp-has-aspect-ratio\"><div class=\"wp-block-embed__wrapper\">\n<iframe title=\"Spotify Embed: #127 F\u00fchrung wirksam machen \u2013 Potentiale entfalten\" style=\"border-radius: 12px\" width=\"100%\" height=\"152\" frameborder=\"0\" allowfullscreen allow=\"autoplay; clipboard-write; encrypted-media; fullscreen; picture-in-picture\" loading=\"lazy\" src=\"https:\/\/open.spotify.com\/embed\/episode\/7iuxpjXfzewqX6WDjsW5nJ?si=2KUEoEqiTI-ul-5NaBrxSg&#038;utm_source=oembed\"><\/iframe>\n<\/div><\/figure>\n\n\n\n<figure class=\"wp-block-embed is-type-video is-provider-youtube wp-block-embed-youtube wp-embed-aspect-16-9 wp-has-aspect-ratio\"><div class=\"wp-block-embed__wrapper\">\n<iframe loading=\"lazy\" title=\"#127 F\u00fchrung wirksam machen - Potentiale entfalten\" width=\"1220\" height=\"686\" src=\"https:\/\/www.youtube.com\/embed\/sMOtzLQmYr4?feature=oembed\" frameborder=\"0\" allow=\"accelerometer; autoplay; clipboard-write; encrypted-media; gyroscope; picture-in-picture; web-share\" referrerpolicy=\"strict-origin-when-cross-origin\" allowfullscreen><\/iframe>\n<\/div><\/figure>\n\n\n\n<div style=\"height:100px\" aria-hidden=\"true\" class=\"wp-block-spacer\"><\/div>\n\n\n\n<p>F\u00fchrung ist mehr als Organisation und Kontrolle \u2013 sie bedeutet, Menschen zu begeistern, zu verbinden und in Bewegung zu bringen. In dieser Folge spricht Andreas Schmaler mit F\u00fchrungsexperte Andreas Mehl (SCHEELEN\u00ae AG) dar\u00fcber, wie echte Wirksamkeit in der F\u00fchrung entsteht. Wie gelingt es F\u00fchrungskr\u00e4ften, wirklich zu f\u00fchren \u2013 anstatt nur zu verwalten? Was braucht es, um Mitarbeitende emotional mitzunehmen, Vertrauen aufzubauen und gemeinsam Resultate zu erzielen? Und welche neuen Erkenntnisse und Methoden helfen heute dabei, F\u00fchrung zeitgem\u00e4\u00df und zukunftsorientiert zu gestalten? Ein besonderes Augenmerk liegt dabei auch auf der Frage, wie Kompetenzen von Mitarbeitenden gezielt erfasst und weiterentwickelt werden k\u00f6nnen, um sie in ihrer Wirksamkeit nachhaltig zu st\u00e4rken. Denn nur wer seine Potenziale kennt und f\u00f6rdert, kann als Team echte Spitzenleistungen erreichen. Ein Gespr\u00e4ch \u00fcber Haltung, Verantwortung und den Mut zur Ver\u00e4nderung \u2013 mit vielen Impulsen f\u00fcr alle, die F\u00fchrung nicht nur \u00fcbernehmen, sondern auch gestalten wollen.<\/p>\n","protected":false},"excerpt":{"rendered":"<p>F\u00fchrung ist mehr als Organisation und Kontrolle \u2013 sie bedeutet, Menschen zu begeistern, zu verbinden und in Bewegung zu bringen. In dieser Folge spricht Andreas Schmaler<span class=\"excerpt-hellip\"> [\u2026]<\/span><\/p>\n","protected":false},"author":3,"featured_media":231,"menu_order":0,"comment_status":"closed","ping_status":"closed","template":"","meta":[],"portfolio-types":[5],"class_list":["post-214","portfolio","type-portfolio","status-publish","has-post-thumbnail","hentry","portfolio-types-experten"],"_links":{"self":[{"href":"https:\/\/cic-podcast.de\/index.php?rest_route=\/wp\/v2\/portfolio\/214","targetHints":{"allow":["GET"]}}],"collection":[{"href":"https:\/\/cic-podcast.de\/index.php?rest_route=\/wp\/v2\/portfolio"}],"about":[{"href":"https:\/\/cic-podcast.de\/index.php?rest_route=\/wp\/v2\/types\/portfolio"}],"author":[{"embeddable":true,"href":"https:\/\/cic-podcast.de\/index.php?rest_route=\/wp\/v2\/users\/3"}],"replies":[{"embeddable":true,"href":"https:\/\/cic-podcast.de\/index.php?rest_route=%2Fwp%2Fv2%2Fcomments&post=214"}],"wp:featuredmedia":[{"embeddable":true,"href":"https:\/\/cic-podcast.de\/index.php?rest_route=\/wp\/v2\/media\/231"}],"wp:attachment":[{"href":"https:\/\/cic-podcast.de\/index.php?rest_route=%2Fwp%2Fv2%2Fmedia&parent=214"}],"wp:term":[{"taxonomy":"portfolio-types","embeddable":true,"href":"https:\/\/cic-podcast.de\/index.php?rest_route=%2Fwp%2Fv2%2Fportfolio-types&post=214"}],"curies":[{"name":"wp","href":"https:\/\/api.w.org\/{rel}","templated":true}]}}