{"id":208,"date":"2025-04-14T10:29:00","date_gmt":"2025-04-14T10:29:00","guid":{"rendered":"https:\/\/cic-podcast.de\/?post_type=portfolio&#038;p=208"},"modified":"2025-10-22T14:45:02","modified_gmt":"2025-10-22T14:45:02","slug":"126-mit-prof-dr-patrick-peters-kann-ethik-oekonomisch-sein","status":"publish","type":"portfolio","link":"https:\/\/cic-podcast.de\/?portfolio=126-mit-prof-dr-patrick-peters-kann-ethik-oekonomisch-sein","title":{"rendered":"#126 mit Prof. Dr. Patrick Peters | Kann Ethik \u00f6konomisch sein?"},"content":{"rendered":"\n<div style=\"height:100px\" aria-hidden=\"true\" class=\"wp-block-spacer\"><\/div>\n\n\n\n<figure class=\"wp-block-embed is-type-rich is-provider-spotify wp-block-embed-spotify wp-embed-aspect-21-9 wp-has-aspect-ratio\"><div class=\"wp-block-embed__wrapper\">\n<iframe title=\"Spotify Embed: 126. Kann Ethik \u00f6konomisch sein?\" style=\"border-radius: 12px\" width=\"100%\" height=\"152\" frameborder=\"0\" allowfullscreen allow=\"autoplay; clipboard-write; encrypted-media; fullscreen; picture-in-picture\" loading=\"lazy\" src=\"https:\/\/open.spotify.com\/embed\/episode\/3fkZ9QdV5VMtE3jo2R9aLb?si=iWi04m2jQYqGtVAD4YZcGg&#038;utm_source=oembed\"><\/iframe>\n<\/div><\/figure>\n\n\n\n<figure class=\"wp-block-embed is-type-video is-provider-youtube wp-block-embed-youtube wp-embed-aspect-16-9 wp-has-aspect-ratio\"><div class=\"wp-block-embed__wrapper\">\n<iframe loading=\"lazy\" title=\"#126  Kann Ethik \u00f6konomisch sein?\" width=\"1220\" height=\"686\" src=\"https:\/\/www.youtube.com\/embed\/ZfHrtjRLGSE?feature=oembed\" frameborder=\"0\" allow=\"accelerometer; autoplay; clipboard-write; encrypted-media; gyroscope; picture-in-picture; web-share\" referrerpolicy=\"strict-origin-when-cross-origin\" allowfullscreen><\/iframe>\n<\/div><\/figure>\n\n\n\n<div style=\"height:100px\" aria-hidden=\"true\" class=\"wp-block-spacer\"><\/div>\n\n\n\n<p>Ethik, Moral und \u00d6konomie \u2013 sind das unvereinbare Gegens\u00e4tze oder doch zentrale Bausteine f\u00fcr eine zukunftsf\u00e4hige Unternehmensf\u00fchrung? In dieser spannenden Podcastfolge spricht Andreas Schmaler mit Prof. Dr. Patrick Peters \u00fcber genau diese Frage. Gemeinsam beleuchten sie, warum ethisches Handeln in Zeiten tiefgreifender Transformationsprozesse nicht nur moralisch w\u00fcnschenswert, sondern auch \u00f6konomisch sinnvoll sein kann. Was bedeutet Verantwortung in einem wirtschaftlichen Kontext? Warum tun sich viele Unternehmen schwer damit, ethische Werte in konkrete Strategien zu \u00fcbersetzen? Und wie gelingt es, Moral, \u00f6konomisches Denken und langfristige Unternehmensziele in Einklang zu bringen? Diese Folge l\u00e4dt zum Perspektivwechsel ein \u2013 und zeigt, warum Ethik im unternehmerischen Handeln kein \u201eNice-to-have\u201c ist, sondern ein echter Wettbewerbsvorteil sein kann.<\/p>\n\n\n\n<p><\/p>\n","protected":false},"excerpt":{"rendered":"<p>Ethik, Moral und \u00d6konomie \u2013 sind das unvereinbare Gegens\u00e4tze oder doch zentrale Bausteine f\u00fcr eine zukunftsf\u00e4hige Unternehmensf\u00fchrung? In dieser spannenden Podcastfolge spricht Andreas Schmaler mit Prof.<span class=\"excerpt-hellip\"> [\u2026]<\/span><\/p>\n","protected":false},"author":3,"featured_media":231,"menu_order":0,"comment_status":"closed","ping_status":"closed","template":"","meta":[],"portfolio-types":[5],"class_list":["post-208","portfolio","type-portfolio","status-publish","has-post-thumbnail","hentry","portfolio-types-experten"],"_links":{"self":[{"href":"https:\/\/cic-podcast.de\/index.php?rest_route=\/wp\/v2\/portfolio\/208","targetHints":{"allow":["GET"]}}],"collection":[{"href":"https:\/\/cic-podcast.de\/index.php?rest_route=\/wp\/v2\/portfolio"}],"about":[{"href":"https:\/\/cic-podcast.de\/index.php?rest_route=\/wp\/v2\/types\/portfolio"}],"author":[{"embeddable":true,"href":"https:\/\/cic-podcast.de\/index.php?rest_route=\/wp\/v2\/users\/3"}],"replies":[{"embeddable":true,"href":"https:\/\/cic-podcast.de\/index.php?rest_route=%2Fwp%2Fv2%2Fcomments&post=208"}],"wp:featuredmedia":[{"embeddable":true,"href":"https:\/\/cic-podcast.de\/index.php?rest_route=\/wp\/v2\/media\/231"}],"wp:attachment":[{"href":"https:\/\/cic-podcast.de\/index.php?rest_route=%2Fwp%2Fv2%2Fmedia&parent=208"}],"wp:term":[{"taxonomy":"portfolio-types","embeddable":true,"href":"https:\/\/cic-podcast.de\/index.php?rest_route=%2Fwp%2Fv2%2Fportfolio-types&post=208"}],"curies":[{"name":"wp","href":"https:\/\/api.w.org\/{rel}","templated":true}]}}